{"id":3445,"date":"2020-01-13T11:17:52","date_gmt":"2020-01-13T10:17:52","guid":{"rendered":"http:\/\/turismo.alboloduy.es\/\/startseite\/"},"modified":"2022-11-08T17:47:05","modified_gmt":"2022-11-08T16:47:05","slug":"startseite","status":"publish","type":"page","link":"http:\/\/turismo.alboloduy.es\/de\/","title":{"rendered":"Startseite"},"content":{"rendered":"\n<div class=\"wp-block-cover alignfull\" style=\"min-height:395px\"><span aria-hidden=\"true\" class=\"wp-block-cover__background has-background-dim-20 has-background-dim\"><\/span><img decoding=\"async\" loading=\"lazy\" width=\"1600\" height=\"1200\" class=\"wp-block-cover__image-background wp-image-4041\" alt=\"\" src=\"http:\/\/turismo.alboloduy.es\/\/wp-content\/uploads\/2022\/09\/alboloduy-city.jpg\" style=\"object-position:50% 50%\" data-object-fit=\"cover\" data-object-position=\"50% 50%\" srcset=\"http:\/\/turismo.alboloduy.es\/wp-content\/uploads\/2022\/09\/alboloduy-city.jpg 1600w, http:\/\/turismo.alboloduy.es\/wp-content\/uploads\/2022\/09\/alboloduy-city-300x225.jpg 300w, http:\/\/turismo.alboloduy.es\/wp-content\/uploads\/2022\/09\/alboloduy-city-1024x768.jpg 1024w, http:\/\/turismo.alboloduy.es\/wp-content\/uploads\/2022\/09\/alboloduy-city-768x576.jpg 768w, http:\/\/turismo.alboloduy.es\/wp-content\/uploads\/2022\/09\/alboloduy-city-1536x1152.jpg 1536w\" sizes=\"(max-width: 1600px) 100vw, 1600px\" \/><div class=\"wp-block-cover__inner-container is-layout-flow wp-block-cover-is-layout-flow\">\n<h1 class=\"has-text-align-center has-nv-text-dark-bg-color has-text-color wp-block-heading\">Alboloduy entdecken<\/h1>\n\n\n\n<p class=\"has-text-align-center has-nv-text-dark-bg-color has-text-color\" style=\"font-size:17px\"><strong>Ein Ort zum Entdecken und Genie\u00dfen im Herzen der Sierra Nevada<\/strong><\/p>\n<\/div><\/div>\n\n\n\n<div style=\"height:30px\" aria-hidden=\"true\" class=\"wp-block-spacer\"><\/div>\n\n\n\n<div class=\"wp-block-group is-vertical is-layout-flex wp-container-2 wp-block-group-is-layout-flex\">\n<p class=\"has-medium-font-size\">Alboloduy ist eine Gemeinde der Provinz Almer\u00eda in der Autonomen Gemeinschaft Andalusien. Es hat eine Fl\u00e4che von 70 km\u00b2. Diese Stadt ist Teil der Alpujarras von Almer\u00eda und liegt im Naturpark Sierra Nevada. \u00dcber diese Website k\u00f6nnen Sie alle Geheimnisse von Alboloduy entdecken und erkunden.<\/p>\n<\/div>\n\n\n\n<div style=\"height:30px\" aria-hidden=\"true\" class=\"wp-block-spacer\"><\/div>\n\n\n\n<h2 class=\"has-text-align-center wp-block-heading\">Entdecken Sie<\/h2>\n\n\n<div class=\"content-types \">\r\n            <a class=\"restaurant\" href=\"http:\/\/turismo.alboloduy.es\/de\/gaststatten\/\" style=\"background-image: url(http:\/\/turismo.alboloduy.es\/\/wp-content\/uploads\/2022\/09\/TIPRECRESTAUR_thumbnail.jpeg)\">\r\n            <span class=\"content-type-title light\">Restaurants<\/span>\r\n        <\/a>\r\n            <a class=\"nature_area\" href=\"http:\/\/turismo.alboloduy.es\/de\/naturgebiet\/\" style=\"background-image: url(http:\/\/turismo.alboloduy.es\/\/wp-content\/uploads\/2022\/09\/TIPRECAREANATURAL_thumbnail.jpeg)\">\r\n            <span class=\"content-type-title light\">Naturgebiete<\/span>\r\n        <\/a>\r\n            <a class=\"touristic_route\" href=\"http:\/\/turismo.alboloduy.es\/de\/touristische-routen\/\" style=\"background-image: url(http:\/\/turismo.alboloduy.es\/\/wp-content\/uploads\/2022\/09\/TIPRECRUTATURIS_thumbnail.jpeg)\">\r\n            <span class=\"content-type-title light\">Touristische Routen<\/span>\r\n        <\/a>\r\n    <\/div>\r\n<div class=\"content-types-toogle hidden-desktop\">\r\n    <a class=\"content-types-toogle-button\">Show more        <i class=\"arrow down\"><\/i>\r\n    <\/a>\r\n<\/div>\r\n\n\n\n\n<div style=\"height:30px\" aria-hidden=\"true\" class=\"wp-block-spacer\"><\/div>\n\n\n\n<h2 class=\"has-text-align-center wp-block-heading\">Erkunden Sie<\/h2>\n\n\n\n<div class=\"wp-block-columns is-layout-flex wp-container-6 wp-block-columns-is-layout-flex\">\n<div class=\"wp-block-column is-layout-flow wp-block-column-is-layout-flow\"><div class=\"facetwp-facet facetwp-facet-search facetwp-type-search\" data-name=\"search\" data-type=\"search\"><\/div>\n<\/div>\n\n\n\n<div class=\"wp-block-column is-layout-flow wp-block-column-is-layout-flow\"><div class=\"facetwp-facet facetwp-facet-nac_types facetwp-type-fselect\" data-name=\"nac_types\" data-type=\"fselect\"><\/div>\n<\/div>\n\n\n\n<div class=\"wp-block-column is-layout-flow wp-block-column-is-layout-flow\"><\/div>\n<\/div>\n\n\n<div class=\"facetwp-template\" data-name=\"all_nac_items\"><div class=\"fwpl-layout el-08cfu2\"><div class=\"fwpl-result r1\"><div class=\"fwpl-row el-63dxj\"><div class=\"fwpl-col fwpl-col el-i0fl1\"><div class=\"fwpl-item el-rplm\"><a href=\"http:\/\/turismo.alboloduy.es\/de\/touristische-routen\/routen-camino-mozarabe-de-santiago\/\"><img width=\"150\" height=\"150\" src=\"http:\/\/turismo.alboloduy.es\/wp-content\/uploads\/posts_images\/camino-mozarabe-de-santiago-rutas-camino-mozarabe-de-santiago-main_image_93315-150x150.jpeg\" class=\"attachment-thumbnail size-thumbnail wp-post-image\" alt=\"camino-mozarabe-de-santiago-rutas-camino-mozarabe-de-santiago-main_image_93315\" decoding=\"async\" srcset=\"http:\/\/turismo.alboloduy.es\/wp-content\/uploads\/posts_images\/camino-mozarabe-de-santiago-rutas-camino-mozarabe-de-santiago-main_image_93315-150x150.jpeg 150w, http:\/\/turismo.alboloduy.es\/wp-content\/uploads\/posts_images\/camino-mozarabe-de-santiago-rutas-camino-mozarabe-de-santiago-main_image_93315-200x200.jpeg 200w\" sizes=\"(max-width: 150px) 100vw, 150px\" \/><\/a><\/div><\/div><div class=\"fwpl-col fwpl-col el-r15a8k\"><div class=\"fwpl-item el-1e8nio post-title\"><a href=\"http:\/\/turismo.alboloduy.es\/de\/touristische-routen\/routen-camino-mozarabe-de-santiago\/\">Camino Moz\u00e1rabe de Santiago (Der mozarabische Weg von Santiago)<\/a><\/div><div class=\"fwpl-item el-irnuy nac-entry-summary\">Der Camino Moz\u00e1rabe de Santiago (Mozarabische Weg von Santiago) besteht aus einer Reihe von Routen, meist historischer Natur, der wichtigsten St\u00e4dte in Ostandalusien (Almer\u00eda, Granada, Ja\u00e9n und M\u00e1laga) und sie konvergieren im C\u00f3rdoba des Kalifats, wo sie dann als eine einzelne Route zusammenkommen, die nach M\u00e9rida f\u00fchrt, \u00fcber den Jakobsweg der V\u00eda de la Plata.Diese \u2026 <a href=\"http:\/\/turismo.alboloduy.es\/de\/touristische-routen\/routen-camino-mozarabe-de-santiago\/\" rel=\"noopener noreferrer\">Read more<\/a><\/div><\/div><\/div><\/div><div class=\"fwpl-result r2\"><div class=\"fwpl-row el-63dxj\"><div class=\"fwpl-col fwpl-col el-i0fl1\"><div class=\"fwpl-item el-rplm\"><a href=\"http:\/\/turismo.alboloduy.es\/de\/touristische-routen\/alboloduy-routen-sendero-vereda-de-alcozayar-pr-a-17\/\"><img width=\"150\" height=\"150\" src=\"http:\/\/turismo.alboloduy.es\/wp-content\/uploads\/posts_images\/sendero-vereda-de-alcozayar-pr-a-17-alboloduy-rutas-sendero-vereda-de-alcozayar-pr-a-17-main_image_64220-150x150.jpeg\" class=\"attachment-thumbnail size-thumbnail wp-post-image\" alt=\"sendero-vereda-de-alcozayar-pr-a-17-alboloduy-rutas-sendero-vereda-de-alcozayar-pr-a-17-main_image_64220\" decoding=\"async\" srcset=\"http:\/\/turismo.alboloduy.es\/wp-content\/uploads\/posts_images\/sendero-vereda-de-alcozayar-pr-a-17-alboloduy-rutas-sendero-vereda-de-alcozayar-pr-a-17-main_image_64220-150x150.jpeg 150w, http:\/\/turismo.alboloduy.es\/wp-content\/uploads\/posts_images\/sendero-vereda-de-alcozayar-pr-a-17-alboloduy-rutas-sendero-vereda-de-alcozayar-pr-a-17-main_image_64220-200x200.jpeg 200w\" sizes=\"(max-width: 150px) 100vw, 150px\" \/><\/a><\/div><\/div><div class=\"fwpl-col fwpl-col el-r15a8k\"><div class=\"fwpl-item el-1e8nio post-title\"><a href=\"http:\/\/turismo.alboloduy.es\/de\/touristische-routen\/alboloduy-routen-sendero-vereda-de-alcozayar-pr-a-17\/\">Wanderweg Sendero Vereda de Alcoz\u00e1yar - PR-A 17<\/a><\/div><div class=\"fwpl-item el-irnuy nac-entry-summary\">Der Wanderweg Sendero Vereda de Alcoz\u00e1yar \u2013 PR-A 17 verl\u00e4uft in der n\u00e4heren Umgebung des National- und Naturparks Sierra Nevada im Gemeindegebiet von Alboloduy, in dessen engen Gassen noch heute die typische mozarabische Architektur erhalten ist und in dem sich wundersch\u00f6ne, f\u00fcr die Alpujarras typische Tinaos finden.Der Wanderweg beginnt an der Rambla de Alcoz\u00e1yar neben \u2026 <a href=\"http:\/\/turismo.alboloduy.es\/de\/touristische-routen\/alboloduy-routen-sendero-vereda-de-alcozayar-pr-a-17\/\" rel=\"noopener noreferrer\">Read more<\/a><\/div><\/div><\/div><\/div><div class=\"fwpl-result r3\"><div class=\"fwpl-row el-63dxj\"><div class=\"fwpl-col fwpl-col el-i0fl1\"><div class=\"fwpl-item el-rplm\"><a href=\"http:\/\/turismo.alboloduy.es\/de\/touristische-routen\/alboloduy-routen-sendero-cordel-de-la-solana-pr-a-16\/\"><img width=\"150\" height=\"150\" src=\"http:\/\/turismo.alboloduy.es\/wp-content\/uploads\/posts_images\/sendero-cordel-de-la-solana-pr-a-16-alboloduy-rutas-sendero-cordel-de-la-solana-pr-a-16-main_image_64209-150x150.jpeg\" class=\"attachment-thumbnail size-thumbnail wp-post-image\" alt=\"sendero-cordel-de-la-solana-pr-a-16-alboloduy-rutas-sendero-cordel-de-la-solana-pr-a-16-main_image_64209\" decoding=\"async\" srcset=\"http:\/\/turismo.alboloduy.es\/wp-content\/uploads\/posts_images\/sendero-cordel-de-la-solana-pr-a-16-alboloduy-rutas-sendero-cordel-de-la-solana-pr-a-16-main_image_64209-150x150.jpeg 150w, http:\/\/turismo.alboloduy.es\/wp-content\/uploads\/posts_images\/sendero-cordel-de-la-solana-pr-a-16-alboloduy-rutas-sendero-cordel-de-la-solana-pr-a-16-main_image_64209-200x200.jpeg 200w\" sizes=\"(max-width: 150px) 100vw, 150px\" \/><\/a><\/div><\/div><div class=\"fwpl-col fwpl-col el-r15a8k\"><div class=\"fwpl-item el-1e8nio post-title\"><a href=\"http:\/\/turismo.alboloduy.es\/de\/touristische-routen\/alboloduy-routen-sendero-cordel-de-la-solana-pr-a-16\/\">Wanderweg Cordel de la Solana - PR-A 16<\/a><\/div><div class=\"fwpl-item el-irnuy nac-entry-summary\">Der Wanderweg Cordel de la Solana PR-A 16 verl\u00e4uft durch den Nationalpark und das Naturschutzgebiet der Sierra Nevada, eines der Naturparadiese von Andalusien. Die Strecke beginnt in Alboloduy neben der Kirche. Folgen Sie den Plakaten, welche die Richtung angeben, um das Dorf an seiner h\u00f6chsten Stelle zu verlassen. Dort befinden sich die Informationstafeln mit Angaben \u2026 <a href=\"http:\/\/turismo.alboloduy.es\/de\/touristische-routen\/alboloduy-routen-sendero-cordel-de-la-solana-pr-a-16\/\" rel=\"noopener noreferrer\">Read more<\/a><\/div><\/div><\/div><\/div><div class=\"fwpl-result r4\"><div class=\"fwpl-row el-63dxj\"><div class=\"fwpl-col fwpl-col el-i0fl1\"><div class=\"fwpl-item el-rplm\"><a href=\"http:\/\/turismo.alboloduy.es\/de\/naturgebiet\/naturraeume-sierra-nevada\/\"><img width=\"150\" height=\"150\" src=\"http:\/\/turismo.alboloduy.es\/wp-content\/uploads\/posts_images\/sierra-nevada-espacios-naturales-sierra-nevada-main_image_54357-150x150.jpeg\" class=\"attachment-thumbnail size-thumbnail wp-post-image\" alt=\"sierra-nevada-espacios-naturales-sierra-nevada-main_image_54357\" decoding=\"async\" srcset=\"http:\/\/turismo.alboloduy.es\/wp-content\/uploads\/posts_images\/sierra-nevada-espacios-naturales-sierra-nevada-main_image_54357-150x150.jpeg 150w, http:\/\/turismo.alboloduy.es\/wp-content\/uploads\/posts_images\/sierra-nevada-espacios-naturales-sierra-nevada-main_image_54357-200x200.jpeg 200w\" sizes=\"(max-width: 150px) 100vw, 150px\" \/><\/a><\/div><\/div><div class=\"fwpl-col fwpl-col el-r15a8k\"><div class=\"fwpl-item el-1e8nio post-title\"><a href=\"http:\/\/turismo.alboloduy.es\/de\/naturgebiet\/naturraeume-sierra-nevada\/\">Sierra Nevada<\/a><\/div><div class=\"fwpl-item el-irnuy nac-entry-summary\">Wie ein steinerner Ring, der den fast ewigen albinowei\u00dfen Schnee der Gipfel umarmt, ergie\u00dft sich der Naturpark Sierra Nevada auf der Suche nach der von Bergen umgebenen Fl\u00e4che der Hochebene und Granadas, die \u201eTahas\u201c der Alpujarras und der Torfmoore von Lecr\u00edn, ein \u00dcberfluss an Wasser, W\u00e4ldern und steilen Reliefs, die spektakul\u00e4rem Leben ein Habitat geben. \u2026 <a href=\"http:\/\/turismo.alboloduy.es\/de\/naturgebiet\/naturraeume-sierra-nevada\/\" rel=\"noopener noreferrer\">Read more<\/a><\/div><\/div><\/div><\/div><div class=\"fwpl-result r5\"><div class=\"fwpl-row el-63dxj\"><div class=\"fwpl-col fwpl-col el-i0fl1\"><div class=\"fwpl-item el-rplm\"><a href=\"http:\/\/turismo.alboloduy.es\/de\/naturgebiet\/naturraeume-desierto-de-tabernas\/\"><img width=\"150\" height=\"150\" src=\"http:\/\/turismo.alboloduy.es\/wp-content\/uploads\/posts_images\/desierto-de-tabernas-espacios-naturales-desierto-de-tabernas-main_image_54212-150x150.jpeg\" class=\"attachment-thumbnail size-thumbnail wp-post-image\" alt=\"desierto-de-tabernas-espacios-naturales-desierto-de-tabernas-main_image_54212\" decoding=\"async\" srcset=\"http:\/\/turismo.alboloduy.es\/wp-content\/uploads\/posts_images\/desierto-de-tabernas-espacios-naturales-desierto-de-tabernas-main_image_54212-150x150.jpeg 150w, http:\/\/turismo.alboloduy.es\/wp-content\/uploads\/posts_images\/desierto-de-tabernas-espacios-naturales-desierto-de-tabernas-main_image_54212-200x200.jpeg 200w\" sizes=\"(max-width: 150px) 100vw, 150px\" \/><\/a><\/div><\/div><div class=\"fwpl-col fwpl-col el-r15a8k\"><div class=\"fwpl-item el-1e8nio post-title\"><a href=\"http:\/\/turismo.alboloduy.es\/de\/naturgebiet\/naturraeume-desierto-de-tabernas\/\">Desierto de Tabernas<\/a><\/div><div class=\"fwpl-item el-irnuy nac-entry-summary\">Das Naturschutzgebiet Paraje Natural Desierto de Tabernas befindet sich auf einem Streifen von 11.625 ha n\u00f6rdlich von Almer\u00eda, zwischen den Gebirgsketten Los Filabres und Alhamilla.Es ist das einzige W\u00fcstengebiet auf dem gesamten europ\u00e4ischen Kontinent und die Landschaft, die sich hier einem offenbart, ist ungeheuerlich fesselnd und \u00fcberw\u00e4ltigend. Aufgrund des subtrockenen meditteranen Klimas, dessen Niederschl\u00e4ge die \u2026 <a href=\"http:\/\/turismo.alboloduy.es\/de\/naturgebiet\/naturraeume-desierto-de-tabernas\/\" rel=\"noopener noreferrer\">Read more<\/a><\/div><\/div><\/div><\/div><div class=\"fwpl-result r6\"><div class=\"fwpl-row el-63dxj\"><div class=\"fwpl-col fwpl-col el-i0fl1\"><div class=\"fwpl-item el-rplm\"><a href=\"http:\/\/turismo.alboloduy.es\/de\/gaststatten\/alboloduy-wo-sollen-wir-essen-luis-pena\/\"><img width=\"150\" height=\"150\" src=\"http:\/\/turismo.alboloduy.es\/wp-content\/uploads\/posts_images\/luis-pena-alboloduy-donde-comer-luis-pena-main_image_42036-150x150.jpeg\" class=\"attachment-thumbnail size-thumbnail wp-post-image\" alt=\"luis-pena-alboloduy-donde-comer-luis-pena-main_image_42036\" decoding=\"async\" srcset=\"http:\/\/turismo.alboloduy.es\/wp-content\/uploads\/posts_images\/luis-pena-alboloduy-donde-comer-luis-pena-main_image_42036-150x150.jpeg 150w, http:\/\/turismo.alboloduy.es\/wp-content\/uploads\/posts_images\/luis-pena-alboloduy-donde-comer-luis-pena-main_image_42036-200x200.jpeg 200w\" sizes=\"(max-width: 150px) 100vw, 150px\" \/><\/a><\/div><\/div><div class=\"fwpl-col fwpl-col el-r15a8k\"><div class=\"fwpl-item el-1e8nio post-title\"><a href=\"http:\/\/turismo.alboloduy.es\/de\/gaststatten\/alboloduy-wo-sollen-wir-essen-luis-pena\/\">Luis Pe\u00f1a<\/a><\/div><div class=\"fwpl-item el-irnuy nac-entry-summary\">Im Schatten der Sierra Nevada, etwas au\u00dferhalb von Alboloduy, bietet das Restaurant Luis Pe\u00f1a seinen G\u00e4sten exquisite Fleischgerichte und ein ruhiges, gem\u00fctliches Ambiente in einer wunderbaren Gegend von Almer\u00eda.Der Service ist ausgezeichnet und die Preise sind f\u00fcr jeden Geldbeutel erschwinglich. Auf der Speisekarte des Restaurants Luis Pe\u00f1a ist besonders das Filet mit Roquefortsauce, die Schweinshaxe \u2026 <a href=\"http:\/\/turismo.alboloduy.es\/de\/gaststatten\/alboloduy-wo-sollen-wir-essen-luis-pena\/\" rel=\"noopener noreferrer\">Read more<\/a><\/div><\/div><\/div><\/div><\/div>\n<style>\n.fwpl-layout, .fwpl-row {\n    display: grid;\n}\n.fwpl-layout.el-08cfu2 {\n    grid-template-columns: repeat(3, 1fr);\n    grid-gap: 10px;\n}\n.fwpl-row.el-63dxj {\n    grid-template-columns: 33.0% 1fr;\n    padding: 0px 0px 5px 0px;\n}\n.fwpl-col.el-r15a8k {\n    padding: 0px 0px 0px 5px;\n}\n.fwpl-item.el-irnuy {\n    font-size: 14px;\n    color: #4e4e4e;\n}\n<\/style>\n<\/div>\n\n\n\n<div style=\"height:30px\" aria-hidden=\"true\" class=\"wp-block-spacer\"><\/div>\n\n\n\n<div class=\"wp-block-cover alignfull\" style=\"min-height:600px\"><span aria-hidden=\"true\" class=\"wp-block-cover__background has-nv-site-bg-background-color has-background-dim-100 has-background-dim\"><\/span><div class=\"wp-block-cover__inner-container is-layout-flow wp-block-cover-is-layout-flow\">\n<div class=\"wp-block-group has-nv-dark-bg-color has-text-color is-layout-flow wp-block-group-is-layout-flow\"><div class=\"wp-block-group__inner-container\">\n<div class=\"wp-block-group is-layout-flow wp-block-group-is-layout-flow\"><div class=\"wp-block-group__inner-container\">\n<h2 class=\"has-text-align-center has-neve-text-color-color has-text-color wp-block-heading\">Neueste Nachrichten<\/h2>\n<\/div><\/div>\n\n\n<ul class=\"wp-block-latest-posts__list is-grid columns-3 wp-block-latest-posts\"><li><div class=\"wp-block-latest-posts__featured-image\"><a href=\"http:\/\/turismo.alboloduy.es\/de\/hallo-welt\/\" aria-label=\"Hallo, Welt!\"><img loading=\"lazy\" width=\"333\" height=\"500\" src=\"http:\/\/turismo.alboloduy.es\/wp-content\/uploads\/posts_images\/ermita-de-la-virgen-de-la-pena-anora-turismo-cultural-ermita-de-la-virgen-de-la-pena_image_106219.jpeg\" class=\"attachment-large size-large wp-post-image\" alt=\"\" decoding=\"async\" style=\"\" srcset=\"http:\/\/turismo.alboloduy.es\/wp-content\/uploads\/posts_images\/ermita-de-la-virgen-de-la-pena-anora-turismo-cultural-ermita-de-la-virgen-de-la-pena_image_106219.jpeg 333w, http:\/\/turismo.alboloduy.es\/wp-content\/uploads\/posts_images\/ermita-de-la-virgen-de-la-pena-anora-turismo-cultural-ermita-de-la-virgen-de-la-pena_image_106219-200x300.jpeg 200w\" sizes=\"(max-width: 333px) 100vw, 333px\" \/><\/a><\/div><a class=\"wp-block-latest-posts__post-title\" href=\"http:\/\/turismo.alboloduy.es\/de\/hallo-welt\/\">Hallo, Welt!<\/a><div class=\"wp-block-latest-posts__post-excerpt\">Willkommen bei WordPress. Dies ist Ihr erster Eintrag. Bearbeiten oder l\u00f6schen Sie sie, und schreiben Sie dann weiter!<\/div><\/li>\n<\/ul><\/div><\/div>\n<\/div><\/div>\n\n\n\n<div class=\"wp-block-cover alignfull\" style=\"min-height:478px\"><span aria-hidden=\"true\" class=\"wp-block-cover__background has-neve-link-hover-color-background-color has-background-dim-20 has-background-dim\"><\/span><img decoding=\"async\" loading=\"lazy\" width=\"1600\" height=\"1200\" class=\"wp-block-cover__image-background wp-image-4041\" alt=\"\" src=\"http:\/\/turismo.alboloduy.es\/\/wp-content\/uploads\/2022\/09\/alboloduy-city.jpg\" data-object-fit=\"cover\" srcset=\"http:\/\/turismo.alboloduy.es\/wp-content\/uploads\/2022\/09\/alboloduy-city.jpg 1600w, http:\/\/turismo.alboloduy.es\/wp-content\/uploads\/2022\/09\/alboloduy-city-300x225.jpg 300w, http:\/\/turismo.alboloduy.es\/wp-content\/uploads\/2022\/09\/alboloduy-city-1024x768.jpg 1024w, http:\/\/turismo.alboloduy.es\/wp-content\/uploads\/2022\/09\/alboloduy-city-768x576.jpg 768w, http:\/\/turismo.alboloduy.es\/wp-content\/uploads\/2022\/09\/alboloduy-city-1536x1152.jpg 1536w\" sizes=\"(max-width: 1600px) 100vw, 1600px\" \/><div class=\"wp-block-cover__inner-container is-layout-flow wp-block-cover-is-layout-flow\">\n<div style=\"height:47px\" aria-hidden=\"true\" class=\"wp-block-spacer\"><\/div>\n\n\n\n<h2 class=\"has-text-align-center has-nv-text-dark-bg-color has-text-color wp-block-heading\">Rathaus Alboloduy<\/h2>\n\n\n\n<p class=\"has-text-align-center has-nv-site-bg-color has-text-color\">Besuchen Sie die Website des Rathauses, wenn Sie spezifische Informationen ben\u00f6tigen oder ein Verfahren mit der Verwaltung durchf\u00fchren m\u00f6chten.<\/p>\n\n\n\n<div class=\"wp-block-buttons is-horizontal is-content-justification-center is-layout-flex wp-container-10 wp-block-buttons-is-layout-flex\">\n<div class=\"wp-block-button is-style-secondary\"><a class=\"wp-block-button__link\" href=\"www.alboloduy.es\">Weitere Informationen<\/a><\/div>\n<\/div>\n\n\n\n<div style=\"height:40px\" aria-hidden=\"true\" class=\"wp-block-spacer\"><\/div>\n<\/div><\/div>\n","protected":false},"excerpt":{"rendered":"<p>Alboloduy ist eine Gemeinde der Provinz Almer\u00eda in der Autonomen Gemeinschaft Andalusien. Es hat eine Fl\u00e4che von 70 km\u00b2. Diese Stadt ist Teil der Alpujarras von Almer\u00eda und liegt im Naturpark Sierra Nevada. \u00dcber diese Website k\u00f6nnen Sie alle Geheimnisse von Alboloduy entdecken und erkunden. Entdecken Sie Erkunden Sie<\/p>\n","protected":false},"author":2,"featured_media":0,"parent":0,"menu_order":0,"comment_status":"closed","ping_status":"closed","template":"","meta":{"neve_meta_sidebar":"default","neve_meta_container":"","neve_meta_enable_content_width":"on","neve_meta_content_width":100,"neve_meta_title_alignment":"","neve_meta_author_avatar":"","neve_post_elements_order":"","neve_meta_disable_header":"","neve_meta_disable_footer":"","neve_meta_disable_title":"on","footnotes":""},"_links":{"self":[{"href":"http:\/\/turismo.alboloduy.es\/de\/wp-json\/wp\/v2\/pages\/3445"}],"collection":[{"href":"http:\/\/turismo.alboloduy.es\/de\/wp-json\/wp\/v2\/pages"}],"about":[{"href":"http:\/\/turismo.alboloduy.es\/de\/wp-json\/wp\/v2\/types\/page"}],"author":[{"embeddable":true,"href":"http:\/\/turismo.alboloduy.es\/de\/wp-json\/wp\/v2\/users\/2"}],"replies":[{"embeddable":true,"href":"http:\/\/turismo.alboloduy.es\/de\/wp-json\/wp\/v2\/comments?post=3445"}],"version-history":[{"count":15,"href":"http:\/\/turismo.alboloduy.es\/de\/wp-json\/wp\/v2\/pages\/3445\/revisions"}],"predecessor-version":[{"id":4127,"href":"http:\/\/turismo.alboloduy.es\/de\/wp-json\/wp\/v2\/pages\/3445\/revisions\/4127"}],"wp:attachment":[{"href":"http:\/\/turismo.alboloduy.es\/de\/wp-json\/wp\/v2\/media?parent=3445"}],"curies":[{"name":"wp","href":"https:\/\/api.w.org\/{rel}","templated":true}]}}