{"id":3443,"date":"2020-01-13T11:17:52","date_gmt":"2020-01-13T10:17:52","guid":{"rendered":"http:\/\/turismo.alboloduy.es\/\/accueil\/"},"modified":"2022-11-08T17:45:00","modified_gmt":"2022-11-08T16:45:00","slug":"accueil","status":"publish","type":"page","link":"http:\/\/turismo.alboloduy.es\/fr\/","title":{"rendered":"Accueil"},"content":{"rendered":"\n<div class=\"wp-block-cover alignfull\" style=\"min-height:395px\"><span aria-hidden=\"true\" class=\"wp-block-cover__background has-background-dim-20 has-background-dim\"><\/span><img decoding=\"async\" loading=\"lazy\" width=\"1600\" height=\"1200\" class=\"wp-block-cover__image-background wp-image-4040\" alt=\"\" src=\"http:\/\/turismo.alboloduy.es\/\/wp-content\/uploads\/2022\/09\/alboloduy-city.jpg\" style=\"object-position:50% 50%\" data-object-fit=\"cover\" data-object-position=\"50% 50%\" srcset=\"http:\/\/turismo.alboloduy.es\/wp-content\/uploads\/2022\/09\/alboloduy-city.jpg 1600w, http:\/\/turismo.alboloduy.es\/wp-content\/uploads\/2022\/09\/alboloduy-city-300x225.jpg 300w, http:\/\/turismo.alboloduy.es\/wp-content\/uploads\/2022\/09\/alboloduy-city-1024x768.jpg 1024w, http:\/\/turismo.alboloduy.es\/wp-content\/uploads\/2022\/09\/alboloduy-city-768x576.jpg 768w, http:\/\/turismo.alboloduy.es\/wp-content\/uploads\/2022\/09\/alboloduy-city-1536x1152.jpg 1536w\" sizes=\"(max-width: 1600px) 100vw, 1600px\" \/><div class=\"wp-block-cover__inner-container is-layout-flow wp-block-cover-is-layout-flow\">\n<h1 class=\"has-text-align-center has-nv-text-dark-bg-color has-text-color wp-block-heading\">D\u00e9couvrez Alboloduy<\/h1>\n\n\n\n<p class=\"has-text-align-center has-nv-text-dark-bg-color has-text-color\" style=\"font-size:17px\"><strong>Un lieu \u00e0 d\u00e9couvrir et \u00e0 appr\u00e9cier au c\u0153ur de la Sierra Nevada<\/strong><\/p>\n<\/div><\/div>\n\n\n\n<div style=\"height:30px\" aria-hidden=\"true\" class=\"wp-block-spacer\"><\/div>\n\n\n\n<div class=\"wp-block-group is-vertical is-layout-flex wp-container-2 wp-block-group-is-layout-flex\">\n<p class=\"has-medium-font-size\">Alboloduy est une municipalit\u00e9 appartenant \u00e0 la province d&#8217;Almer\u00eda, dans la Communaut\u00e9 autonome d&#8217;Andalousie. Il a une superficie de 70 km\u00b2. Cette ville fait partie des Alpujarras d&#8217;Almer\u00eda, elle est situ\u00e9e dans le parc naturel de la Sierra Nevada. A travers ce site vous pourrez d\u00e9couvrir et explorer tous les secrets d&#8217;Alboloduy.<\/p>\n<\/div>\n\n\n\n<div style=\"height:30px\" aria-hidden=\"true\" class=\"wp-block-spacer\"><\/div>\n\n\n\n<h2 class=\"has-text-align-center wp-block-heading\">D\u00e9couvrez<\/h2>\n\n\n<div class=\"content-types \">\r\n            <a class=\"restaurant\" href=\"http:\/\/turismo.alboloduy.es\/fr\/restaurants\/\" style=\"background-image: url(http:\/\/turismo.alboloduy.es\/\/wp-content\/uploads\/2022\/09\/TIPRECRESTAUR_thumbnail.jpeg)\">\r\n            <span class=\"content-type-title light\">Restaurants<\/span>\r\n        <\/a>\r\n            <a class=\"nature_area\" href=\"http:\/\/turismo.alboloduy.es\/fr\/zone-naturelle\/\" style=\"background-image: url(http:\/\/turismo.alboloduy.es\/\/wp-content\/uploads\/2022\/09\/TIPRECAREANATURAL_thumbnail.jpeg)\">\r\n            <span class=\"content-type-title light\">Espaces naturels<\/span>\r\n        <\/a>\r\n            <a class=\"touristic_route\" href=\"http:\/\/turismo.alboloduy.es\/fr\/itineraires-touristiques\/\" style=\"background-image: url(http:\/\/turismo.alboloduy.es\/\/wp-content\/uploads\/2022\/09\/TIPRECRUTATURIS_thumbnail.jpeg)\">\r\n            <span class=\"content-type-title light\">Itin\u00e9raires touristiques<\/span>\r\n        <\/a>\r\n    <\/div>\r\n<div class=\"content-types-toogle hidden-desktop\">\r\n    <a class=\"content-types-toogle-button\">Show more        <i class=\"arrow down\"><\/i>\r\n    <\/a>\r\n<\/div>\r\n\n\n\n\n<div style=\"height:30px\" aria-hidden=\"true\" class=\"wp-block-spacer\"><\/div>\n\n\n\n<h2 class=\"has-text-align-center wp-block-heading\">Explorez<\/h2>\n\n\n\n<div class=\"wp-block-columns is-layout-flex wp-container-6 wp-block-columns-is-layout-flex\">\n<div class=\"wp-block-column is-layout-flow wp-block-column-is-layout-flow\"><div class=\"facetwp-facet facetwp-facet-search facetwp-type-search\" data-name=\"search\" data-type=\"search\"><\/div>\n<\/div>\n\n\n\n<div class=\"wp-block-column is-layout-flow wp-block-column-is-layout-flow\"><div class=\"facetwp-facet facetwp-facet-nac_types facetwp-type-fselect\" data-name=\"nac_types\" data-type=\"fselect\"><\/div>\n<\/div>\n\n\n\n<div class=\"wp-block-column is-layout-flow wp-block-column-is-layout-flow\"><\/div>\n<\/div>\n\n\n<div class=\"facetwp-template\" data-name=\"all_nac_items\"><div class=\"fwpl-layout el-08cfu2\"><div class=\"fwpl-result r1\"><div class=\"fwpl-row el-63dxj\"><div class=\"fwpl-col fwpl-col el-i0fl1\"><div class=\"fwpl-item el-rplm\"><a href=\"http:\/\/turismo.alboloduy.es\/fr\/itineraires-touristiques\/routes-camino-mozarabe-de-santiago\/\"><img width=\"150\" height=\"150\" src=\"http:\/\/turismo.alboloduy.es\/wp-content\/uploads\/posts_images\/camino-mozarabe-de-santiago-rutas-camino-mozarabe-de-santiago-main_image_93315-150x150.jpeg\" class=\"attachment-thumbnail size-thumbnail wp-post-image\" alt=\"camino-mozarabe-de-santiago-rutas-camino-mozarabe-de-santiago-main_image_93315\" decoding=\"async\" srcset=\"http:\/\/turismo.alboloduy.es\/wp-content\/uploads\/posts_images\/camino-mozarabe-de-santiago-rutas-camino-mozarabe-de-santiago-main_image_93315-150x150.jpeg 150w, http:\/\/turismo.alboloduy.es\/wp-content\/uploads\/posts_images\/camino-mozarabe-de-santiago-rutas-camino-mozarabe-de-santiago-main_image_93315-200x200.jpeg 200w\" sizes=\"(max-width: 150px) 100vw, 150px\" \/><\/a><\/div><\/div><div class=\"fwpl-col fwpl-col el-r15a8k\"><div class=\"fwpl-item el-1e8nio post-title\"><a href=\"http:\/\/turismo.alboloduy.es\/fr\/itineraires-touristiques\/routes-camino-mozarabe-de-santiago\/\">Chemin Mozarabe de Saint-Jacques<\/a><\/div><div class=\"fwpl-item el-irnuy nac-entry-summary\">Le chemin Mozarabe de Saint-Jacques est compos\u00e9 d&#8217;un ensemble d&#8217;itin\u00e9raires, pour la plupart de nature historique, qui partent des principales villes d&#8217;Andalousie orientale (Almer\u00eda, Grenade, Ja\u00e9n et Malaga) et qui convergent dans la Cordoue califale d&#8217;o\u00f9 d\u00e9bute une route unique qui conflue \u00e0 M\u00e9rida avec le chemin de Saint-Jacques de la V\u00eda de la Plata.Ces \u2026 <a href=\"http:\/\/turismo.alboloduy.es\/fr\/itineraires-touristiques\/routes-camino-mozarabe-de-santiago\/\" rel=\"noopener noreferrer\">Read more<\/a><\/div><\/div><\/div><\/div><div class=\"fwpl-result r2\"><div class=\"fwpl-row el-63dxj\"><div class=\"fwpl-col fwpl-col el-i0fl1\"><div class=\"fwpl-item el-rplm\"><a href=\"http:\/\/turismo.alboloduy.es\/fr\/itineraires-touristiques\/alboloduy-routes-sendero-vereda-de-alcozayar-pr-a-17\/\"><img width=\"150\" height=\"150\" src=\"http:\/\/turismo.alboloduy.es\/wp-content\/uploads\/posts_images\/sendero-vereda-de-alcozayar-pr-a-17-alboloduy-rutas-sendero-vereda-de-alcozayar-pr-a-17-main_image_64220-150x150.jpeg\" class=\"attachment-thumbnail size-thumbnail wp-post-image\" alt=\"sendero-vereda-de-alcozayar-pr-a-17-alboloduy-rutas-sendero-vereda-de-alcozayar-pr-a-17-main_image_64220\" decoding=\"async\" srcset=\"http:\/\/turismo.alboloduy.es\/wp-content\/uploads\/posts_images\/sendero-vereda-de-alcozayar-pr-a-17-alboloduy-rutas-sendero-vereda-de-alcozayar-pr-a-17-main_image_64220-150x150.jpeg 150w, http:\/\/turismo.alboloduy.es\/wp-content\/uploads\/posts_images\/sendero-vereda-de-alcozayar-pr-a-17-alboloduy-rutas-sendero-vereda-de-alcozayar-pr-a-17-main_image_64220-200x200.jpeg 200w\" sizes=\"(max-width: 150px) 100vw, 150px\" \/><\/a><\/div><\/div><div class=\"fwpl-col fwpl-col el-r15a8k\"><div class=\"fwpl-item el-1e8nio post-title\"><a href=\"http:\/\/turismo.alboloduy.es\/fr\/itineraires-touristiques\/alboloduy-routes-sendero-vereda-de-alcozayar-pr-a-17\/\">Sentier Vereda de Alcoz\u00e1yar - PR-A 17<\/a><\/div><div class=\"fwpl-item el-irnuy nac-entry-summary\">Le sentier Vereda de Alcoz\u00e1yar \u2013 PR-A 17 traverse les environs du parc national et parc naturel de Sierra Nevada, dans la commune d\u2019Alboloduy, o\u00f9 les rues \u00e9troites conservent toujours l\u2019architecture mozarabe typique et de superbes recoins sous les porches embl\u00e9matiques de la r\u00e9gion d\u2019Alpujarra.Le sentier d\u00e9bute sur la promenade d\u2019Alcoz\u00e1yar, pr\u00e8s du pont de \u2026 <a href=\"http:\/\/turismo.alboloduy.es\/fr\/itineraires-touristiques\/alboloduy-routes-sendero-vereda-de-alcozayar-pr-a-17\/\" rel=\"noopener noreferrer\">Read more<\/a><\/div><\/div><\/div><\/div><div class=\"fwpl-result r3\"><div class=\"fwpl-row el-63dxj\"><div class=\"fwpl-col fwpl-col el-i0fl1\"><div class=\"fwpl-item el-rplm\"><a href=\"http:\/\/turismo.alboloduy.es\/fr\/itineraires-touristiques\/alboloduy-routes-sendero-cordel-de-la-solana-pr-a-16\/\"><img width=\"150\" height=\"150\" src=\"http:\/\/turismo.alboloduy.es\/wp-content\/uploads\/posts_images\/sendero-cordel-de-la-solana-pr-a-16-alboloduy-rutas-sendero-cordel-de-la-solana-pr-a-16-main_image_64209-150x150.jpeg\" class=\"attachment-thumbnail size-thumbnail wp-post-image\" alt=\"sendero-cordel-de-la-solana-pr-a-16-alboloduy-rutas-sendero-cordel-de-la-solana-pr-a-16-main_image_64209\" decoding=\"async\" srcset=\"http:\/\/turismo.alboloduy.es\/wp-content\/uploads\/posts_images\/sendero-cordel-de-la-solana-pr-a-16-alboloduy-rutas-sendero-cordel-de-la-solana-pr-a-16-main_image_64209-150x150.jpeg 150w, http:\/\/turismo.alboloduy.es\/wp-content\/uploads\/posts_images\/sendero-cordel-de-la-solana-pr-a-16-alboloduy-rutas-sendero-cordel-de-la-solana-pr-a-16-main_image_64209-200x200.jpeg 200w\" sizes=\"(max-width: 150px) 100vw, 150px\" \/><\/a><\/div><\/div><div class=\"fwpl-col fwpl-col el-r15a8k\"><div class=\"fwpl-item el-1e8nio post-title\"><a href=\"http:\/\/turismo.alboloduy.es\/fr\/itineraires-touristiques\/alboloduy-routes-sendero-cordel-de-la-solana-pr-a-16\/\">Sentier Cordel de la Solana - PR-A 16<\/a><\/div><div class=\"fwpl-item el-irnuy nac-entry-summary\">Le Sentier Cordel de la Solana PR-A 16 passe dans le Parc National et le Parc Naturel de la Sierra Nevada, l\u2019un des paradis naturels de l\u2019Andalousie. Il d\u00e9bute \u00e0 Alboloduy, pr\u00e8s de l\u2019\u00c9glise. L\u00e0-bas, on peut suivre les panneaux indiquant la direction du point le plus haut du village, d\u2019o\u00f9 on peut sortir et \u2026 <a href=\"http:\/\/turismo.alboloduy.es\/fr\/itineraires-touristiques\/alboloduy-routes-sendero-cordel-de-la-solana-pr-a-16\/\" rel=\"noopener noreferrer\">Read more<\/a><\/div><\/div><\/div><\/div><div class=\"fwpl-result r4\"><div class=\"fwpl-row el-63dxj\"><div class=\"fwpl-col fwpl-col el-i0fl1\"><div class=\"fwpl-item el-rplm\"><a href=\"http:\/\/turismo.alboloduy.es\/fr\/zone-naturelle\/espaces-naturels-sierra-nevada\/\"><img width=\"150\" height=\"150\" src=\"http:\/\/turismo.alboloduy.es\/wp-content\/uploads\/posts_images\/sierra-nevada-espacios-naturales-sierra-nevada-main_image_54357-150x150.jpeg\" class=\"attachment-thumbnail size-thumbnail wp-post-image\" alt=\"sierra-nevada-espacios-naturales-sierra-nevada-main_image_54357\" decoding=\"async\" srcset=\"http:\/\/turismo.alboloduy.es\/wp-content\/uploads\/posts_images\/sierra-nevada-espacios-naturales-sierra-nevada-main_image_54357-150x150.jpeg 150w, http:\/\/turismo.alboloduy.es\/wp-content\/uploads\/posts_images\/sierra-nevada-espacios-naturales-sierra-nevada-main_image_54357-200x200.jpeg 200w\" sizes=\"(max-width: 150px) 100vw, 150px\" \/><\/a><\/div><\/div><div class=\"fwpl-col fwpl-col el-r15a8k\"><div class=\"fwpl-item el-1e8nio post-title\"><a href=\"http:\/\/turismo.alboloduy.es\/fr\/zone-naturelle\/espaces-naturels-sierra-nevada\/\">Sierra Nevada<\/a><\/div><div class=\"fwpl-item el-irnuy nac-entry-summary\">Tel un anneau de pierre qui embrasse les neiges quasi \u00e9ternelles et achromiques des cimes, le parc naturel de Sierra Nevada se r\u00e9pand cherchant les vall\u00e9es de l\u2019Altiplano et de Grenade, les \u00ab tahas \u00bb de l\u2019Alpujarras et les tourbi\u00e8res de Lecr\u00edn, toute une abondance d\u2019eau, de for\u00eats et d\u2019abrupts reliefs qui abritent un \u00e9ventail \u2026 <a href=\"http:\/\/turismo.alboloduy.es\/fr\/zone-naturelle\/espaces-naturels-sierra-nevada\/\" rel=\"noopener noreferrer\">Read more<\/a><\/div><\/div><\/div><\/div><div class=\"fwpl-result r5\"><div class=\"fwpl-row el-63dxj\"><div class=\"fwpl-col fwpl-col el-i0fl1\"><div class=\"fwpl-item el-rplm\"><a href=\"http:\/\/turismo.alboloduy.es\/fr\/zone-naturelle\/espaces-naturels-desierto-de-tabernas\/\"><img width=\"150\" height=\"150\" src=\"http:\/\/turismo.alboloduy.es\/wp-content\/uploads\/posts_images\/desierto-de-tabernas-espacios-naturales-desierto-de-tabernas-main_image_54212-150x150.jpeg\" class=\"attachment-thumbnail size-thumbnail wp-post-image\" alt=\"desierto-de-tabernas-espacios-naturales-desierto-de-tabernas-main_image_54212\" decoding=\"async\" srcset=\"http:\/\/turismo.alboloduy.es\/wp-content\/uploads\/posts_images\/desierto-de-tabernas-espacios-naturales-desierto-de-tabernas-main_image_54212-150x150.jpeg 150w, http:\/\/turismo.alboloduy.es\/wp-content\/uploads\/posts_images\/desierto-de-tabernas-espacios-naturales-desierto-de-tabernas-main_image_54212-200x200.jpeg 200w\" sizes=\"(max-width: 150px) 100vw, 150px\" \/><\/a><\/div><\/div><div class=\"fwpl-col fwpl-col el-r15a8k\"><div class=\"fwpl-item el-1e8nio post-title\"><a href=\"http:\/\/turismo.alboloduy.es\/fr\/zone-naturelle\/espaces-naturels-desierto-de-tabernas\/\">Desierto de Tabernas<\/a><\/div><div class=\"fwpl-item el-irnuy nac-entry-summary\">Le Site Naturel du D\u00e9sert de Tabernas occupe une \u00e9tendue de 11625 hectares au nord de la ville d&#8217;Almer\u00eda, entre les sierras de los Filabres et d&#8217;Alhamilla.Il est consid\u00e9r\u00e9 comme la seule et unique zone d\u00e9sertique proprement dite de tout le continent europ\u00e9en et offre un paysage terriblement sugg\u00e9rant et surprenant. Sous un climat m\u00e9diterran\u00e9en \u2026 <a href=\"http:\/\/turismo.alboloduy.es\/fr\/zone-naturelle\/espaces-naturels-desierto-de-tabernas\/\" rel=\"noopener noreferrer\">Read more<\/a><\/div><\/div><\/div><\/div><div class=\"fwpl-result r6\"><div class=\"fwpl-row el-63dxj\"><div class=\"fwpl-col fwpl-col el-i0fl1\"><div class=\"fwpl-item el-rplm\"><a href=\"http:\/\/turismo.alboloduy.es\/fr\/restaurants\/alboloduy-ou-manger-luis-pena\/\"><img width=\"150\" height=\"150\" src=\"http:\/\/turismo.alboloduy.es\/wp-content\/uploads\/posts_images\/luis-pena-alboloduy-donde-comer-luis-pena-main_image_42036-150x150.jpeg\" class=\"attachment-thumbnail size-thumbnail wp-post-image\" alt=\"luis-pena-alboloduy-donde-comer-luis-pena-main_image_42036\" decoding=\"async\" srcset=\"http:\/\/turismo.alboloduy.es\/wp-content\/uploads\/posts_images\/luis-pena-alboloduy-donde-comer-luis-pena-main_image_42036-150x150.jpeg 150w, http:\/\/turismo.alboloduy.es\/wp-content\/uploads\/posts_images\/luis-pena-alboloduy-donde-comer-luis-pena-main_image_42036-200x200.jpeg 200w\" sizes=\"(max-width: 150px) 100vw, 150px\" \/><\/a><\/div><\/div><div class=\"fwpl-col fwpl-col el-r15a8k\"><div class=\"fwpl-item el-1e8nio post-title\"><a href=\"http:\/\/turismo.alboloduy.es\/fr\/restaurants\/alboloduy-ou-manger-luis-pena\/\">Luis Pe\u00f1a<\/a><\/div><div class=\"fwpl-item el-irnuy nac-entry-summary\">\u00c0 l&#8217;ombre de la Sierra Nevada et aux environs de Alboloduy, le restaurant Luis Pe\u00f1a situ\u00e9 dans un petit recoin charmant d&#8217;Almer\u00eda vous propose de savourer ses viandes d\u00e9licieuses dans une ambiance paisible et accueillante.Avec un service parfait et des prix \u00e0 la port\u00e9e de toutes les bourses, la carte de Luis Pe\u00f1a offre des \u2026 <a href=\"http:\/\/turismo.alboloduy.es\/fr\/restaurants\/alboloduy-ou-manger-luis-pena\/\" rel=\"noopener noreferrer\">Read more<\/a><\/div><\/div><\/div><\/div><\/div>\n<style>\n.fwpl-layout, .fwpl-row {\n    display: grid;\n}\n.fwpl-layout.el-08cfu2 {\n    grid-template-columns: repeat(3, 1fr);\n    grid-gap: 10px;\n}\n.fwpl-row.el-63dxj {\n    grid-template-columns: 33.0% 1fr;\n    padding: 0px 0px 5px 0px;\n}\n.fwpl-col.el-r15a8k {\n    padding: 0px 0px 0px 5px;\n}\n.fwpl-item.el-irnuy {\n    font-size: 14px;\n    color: #4e4e4e;\n}\n<\/style>\n<\/div>\n\n\n\n<div style=\"height:30px\" aria-hidden=\"true\" class=\"wp-block-spacer\"><\/div>\n\n\n\n<div class=\"wp-block-cover alignfull\" style=\"min-height:600px\"><span aria-hidden=\"true\" class=\"wp-block-cover__background has-nv-site-bg-background-color has-background-dim-100 has-background-dim\"><\/span><div class=\"wp-block-cover__inner-container is-layout-flow wp-block-cover-is-layout-flow\">\n<div class=\"wp-block-group has-nv-dark-bg-color has-text-color is-layout-flow wp-block-group-is-layout-flow\"><div class=\"wp-block-group__inner-container\">\n<div class=\"wp-block-group is-layout-flow wp-block-group-is-layout-flow\"><div class=\"wp-block-group__inner-container\">\n<h2 class=\"has-text-align-center has-neve-text-color-color has-text-color wp-block-heading\">Derni\u00e8res Nouvelles<\/h2>\n<\/div><\/div>\n\n\n<ul class=\"wp-block-latest-posts__list is-grid columns-3 wp-block-latest-posts\"><li><div class=\"wp-block-latest-posts__featured-image\"><a href=\"http:\/\/turismo.alboloduy.es\/fr\/bonjour-le-monde\/\" aria-label=\"Bonjour, le monde !\"><img loading=\"lazy\" width=\"333\" height=\"500\" src=\"http:\/\/turismo.alboloduy.es\/wp-content\/uploads\/posts_images\/ermita-de-la-virgen-de-la-pena-anora-turismo-cultural-ermita-de-la-virgen-de-la-pena_image_106219.jpeg\" class=\"attachment-large size-large wp-post-image\" alt=\"\" decoding=\"async\" style=\"\" srcset=\"http:\/\/turismo.alboloduy.es\/wp-content\/uploads\/posts_images\/ermita-de-la-virgen-de-la-pena-anora-turismo-cultural-ermita-de-la-virgen-de-la-pena_image_106219.jpeg 333w, http:\/\/turismo.alboloduy.es\/wp-content\/uploads\/posts_images\/ermita-de-la-virgen-de-la-pena-anora-turismo-cultural-ermita-de-la-virgen-de-la-pena_image_106219-200x300.jpeg 200w\" sizes=\"(max-width: 333px) 100vw, 333px\" \/><\/a><\/div><a class=\"wp-block-latest-posts__post-title\" href=\"http:\/\/turismo.alboloduy.es\/fr\/bonjour-le-monde\/\">Bonjour, le monde !<\/a><div class=\"wp-block-latest-posts__post-excerpt\">Bienvenue sur WordPress. C&#8217;est votre premi\u00e8re entr\u00e9e. Modifiez ou supprimez-la, puis commencez \u00e0 \u00e9crire !<\/div><\/li>\n<\/ul><\/div><\/div>\n<\/div><\/div>\n\n\n\n<div class=\"wp-block-cover alignfull\" style=\"min-height:478px\"><span aria-hidden=\"true\" class=\"wp-block-cover__background has-neve-link-hover-color-background-color has-background-dim-20 has-background-dim\"><\/span><img decoding=\"async\" loading=\"lazy\" width=\"1600\" height=\"1200\" class=\"wp-block-cover__image-background wp-image-4040\" alt=\"\" src=\"http:\/\/turismo.alboloduy.es\/\/wp-content\/uploads\/2022\/09\/alboloduy-city.jpg\" data-object-fit=\"cover\" srcset=\"http:\/\/turismo.alboloduy.es\/wp-content\/uploads\/2022\/09\/alboloduy-city.jpg 1600w, http:\/\/turismo.alboloduy.es\/wp-content\/uploads\/2022\/09\/alboloduy-city-300x225.jpg 300w, http:\/\/turismo.alboloduy.es\/wp-content\/uploads\/2022\/09\/alboloduy-city-1024x768.jpg 1024w, http:\/\/turismo.alboloduy.es\/wp-content\/uploads\/2022\/09\/alboloduy-city-768x576.jpg 768w, http:\/\/turismo.alboloduy.es\/wp-content\/uploads\/2022\/09\/alboloduy-city-1536x1152.jpg 1536w\" sizes=\"(max-width: 1600px) 100vw, 1600px\" \/><div class=\"wp-block-cover__inner-container is-layout-flow wp-block-cover-is-layout-flow\">\n<div style=\"height:47px\" aria-hidden=\"true\" class=\"wp-block-spacer\"><\/div>\n\n\n\n<h2 class=\"has-text-align-center has-nv-text-dark-bg-color has-text-color wp-block-heading\">H\u00f4tel de ville d&#8217;Alboloduy<\/h2>\n\n\n\n<p class=\"has-text-align-center has-nv-site-bg-color has-text-color\">Consultez le site internet de la mairie si vous avez besoin d&#8217;informations sp\u00e9cifiques ou si vous souhaitez effectuer une d\u00e9marche aupr\u00e8s de l&#8217;administration.<\/p>\n\n\n\n<div class=\"wp-block-buttons is-horizontal is-content-justification-center is-layout-flex wp-container-10 wp-block-buttons-is-layout-flex\">\n<div class=\"wp-block-button is-style-secondary\"><a class=\"wp-block-button__link\" href=\"www.alboloduy.es\">Plus d&#8217;informations<\/a><\/div>\n<\/div>\n\n\n\n<div style=\"height:40px\" aria-hidden=\"true\" class=\"wp-block-spacer\"><\/div>\n<\/div><\/div>\n","protected":false},"excerpt":{"rendered":"<p>Alboloduy est une municipalit\u00e9 appartenant \u00e0 la province d&#8217;Almer\u00eda, dans la Communaut\u00e9 autonome d&#8217;Andalousie. Il a une superficie de 70 km\u00b2. Cette ville fait partie des Alpujarras d&#8217;Almer\u00eda, elle est situ\u00e9e dans le parc naturel de la Sierra Nevada. A travers ce site vous pourrez d\u00e9couvrir et explorer tous les secrets d&#8217;Alboloduy. D\u00e9couvrez Explorez<\/p>\n","protected":false},"author":2,"featured_media":0,"parent":0,"menu_order":0,"comment_status":"closed","ping_status":"closed","template":"","meta":{"neve_meta_sidebar":"default","neve_meta_container":"","neve_meta_enable_content_width":"on","neve_meta_content_width":100,"neve_meta_title_alignment":"","neve_meta_author_avatar":"","neve_post_elements_order":"","neve_meta_disable_header":"","neve_meta_disable_footer":"","neve_meta_disable_title":"on","footnotes":""},"_links":{"self":[{"href":"http:\/\/turismo.alboloduy.es\/fr\/wp-json\/wp\/v2\/pages\/3443"}],"collection":[{"href":"http:\/\/turismo.alboloduy.es\/fr\/wp-json\/wp\/v2\/pages"}],"about":[{"href":"http:\/\/turismo.alboloduy.es\/fr\/wp-json\/wp\/v2\/types\/page"}],"author":[{"embeddable":true,"href":"http:\/\/turismo.alboloduy.es\/fr\/wp-json\/wp\/v2\/users\/2"}],"replies":[{"embeddable":true,"href":"http:\/\/turismo.alboloduy.es\/fr\/wp-json\/wp\/v2\/comments?post=3443"}],"version-history":[{"count":15,"href":"http:\/\/turismo.alboloduy.es\/fr\/wp-json\/wp\/v2\/pages\/3443\/revisions"}],"predecessor-version":[{"id":4125,"href":"http:\/\/turismo.alboloduy.es\/fr\/wp-json\/wp\/v2\/pages\/3443\/revisions\/4125"}],"wp:attachment":[{"href":"http:\/\/turismo.alboloduy.es\/fr\/wp-json\/wp\/v2\/media?parent=3443"}],"curies":[{"name":"wp","href":"https:\/\/api.w.org\/{rel}","templated":true}]}}